{"id":7048,"date":"2019-11-27T09:28:59","date_gmt":"2019-11-27T09:28:59","guid":{"rendered":"https:\/\/www.ctp.eu\/?page_id=7048"},"modified":"2019-11-27T09:46:41","modified_gmt":"2019-11-27T09:46:41","slug":"zasady-zpracovani-osobnich-udaju-pri-naboru-zamestnancu","status":"publish","type":"page","link":"https:\/\/ctp.rvltpreview.com\/pl\/ctp-policies\/zasady-zpracovani-osobnich-udaju-pri-naboru-zamestnancu\/","title":{"rendered":"Zasypywanie osobnik\u00f3w w trakcie zamawiania"},"content":{"rendered":"<h2>1. OBECN\u00c1 USTANOVEN\u00cd<\/h2>\n<p>Tyto Z\u00e1sady zpracov\u00e1n\u00ed osobn\u00edch \u00fadaj\u016f p\u0159i n\u00e1boru zam\u011bstnanc\u016f (d\u00e1le jen \"Z\u00e1sady zpracov\u00e1n\u00ed \u00fadaj\u016f\") maj\u00ed za c\u00edl V\u00e1s informovat o tom, jak spole\u010dnost CTP Invest, spol. s r.o. (nazywana r\u00f3wnie\u017c \"Spr\u00e1vce \u00fadaj\u016f\" lub \"my\") w zwi\u0105zku z nowym zamiarem, uchov\u00e1v\u00e1 a d\u00e1le zpracov\u00e1v\u00e1 Va\u0161e osobn\u00ed \u00fadaje a jak d\u00e1le s Va\u0161imi osobn\u00edmi \u00fadaji nakl\u00e1d\u00e1 a chr\u00e1n\u00ed je. Osobniki s\u0105 jak najbardziej informatywne, aby zidentyfikowa\u0107 lub zidentyfikowa\u0107 osoby fizyczne, kt\u00f3re zosta\u0142y zameldowane (np. \"Vy\" lub \"uchaze\u010d\").<\/p>\n<p>\u00da\u010delem t\u011bchto Z\u00e1sad zpracov\u00e1n\u00ed \u00fadaj\u016f je rovn\u011b\u017e informovat V\u00e1s o Va\u0161ich pr\u00e1vech v souvislosti se zpracov\u00e1n\u00edm Va\u0161ich \u00fadaj\u016f a o tom, jak a jak\u00fdmi prost\u0159edky m\u016f\u017eete tato pr\u00e1va uplat\u0148ovat.<\/p>\n<p>Doporu\u010dujeme V\u00e1m pe\u010dliv\u011b se sezn\u00e1mit s t\u011bmito Z\u00e1sadami zpracov\u00e1n\u00ed \u00fadaj\u016f.<\/p>\n<p>&nbsp;<\/p>\n<h2>2. SPR\u00c1VCE OSOBN\u00cdCH \u00daDAJ\u016e A KONTAKTN\u00cd \u00daDAJE<\/h2>\n<p>Spr\u00e1vcem va\u0161ich osobn\u00edch \u00fadaj\u016f je CTP Invest, spol. s r.o., se s\u00eddlem Central Trade Park D1 1571, 396 01 Humpolec, zapsan\u00e1 v obchodn\u00edm rejst\u0159\u00edku veden\u00e9m u Krajsk\u00e9ho soudu v \u010cesk\u00fdch Bud\u011bjovic\u00edch, sp. zn. C 15647, I\u010cO: 261 66 453.<\/p>\n<p>Kontaktuje si\u0119 ze Spr\u00e1vce, aby dowiedzie\u0107 si\u0119 wi\u0119cej na temat mo\u017cliwo\u015bci korzystania z tej us\u0142ugi:<br \/>\nAdresa: Cyrilsk\u00e1 16, Brno, 60200<br \/>\nTelefon: 730 572 539<br \/>\nAdres e-mail:\u00a0<a href=\"mailto:info@ctp.eu\">info@ctp.eu<\/a><\/p>\n<h2><\/h2>\n<h2><strong>3. \u00da\u010cEL, PR\u00c1VN\u00cd Z\u00c1KLAD, ROZSAH A DOBA ZPRACOV\u00c1N\u00cd OSOBN\u00cdCH \u00daDAJ\u016e<\/strong><\/h2>\n<p><strong>3.1 <\/strong><strong>Pr\u00e1vn\u00ed z\u00e1klady, \u00fa\u010dely a doba zpracov\u00e1n\u00ed<\/strong><br \/>\nOsobiste rozwi\u0105zania s\u0105 dost\u0119pne w r\u00f3\u017cnych lokalizacjach, w tym na terenie ca\u0142ego kraju, na przyk\u0142ad na terenie V\u00e1mi ud\u011blen\u00e9ho souhlasu.<\/p>\n<p>3.1.1 Va\u0161e osobn\u00ed \u00fadaje zpracov\u00e1v\u00e1me pro \u00fa\u010dely realizace v\u00fdb\u011brov\u00e9ho \u0159\u00edzen\u00ed na konkr\u00e9tn\u00ed pozici a p\u0159\u00edpadn\u00e9 uzav\u0159en\u00ed pracovn\u011bpr\u00e1vn\u00edho vztahu mezi V\u00e1mi a n\u00e1mi ve vztahu k t\u00e9to pozici.<\/p>\n<p>Takov\u00e9 zpracov\u00e1n\u00ed je nezbytn\u00e9 pro p\u0159\u00edpadn\u00e9 uzav\u0159en\u00ed smlouvy mezi n\u00e1mi a V\u00e1mi. Z tego powodu Va\u0161e osobn\u00ed \u00fadaje zpracov\u00e1v\u00e1me do doby, ne\u017e v\u00fdb\u011brov\u00e9 \u0159\u00edzen\u00ed ve vztahu v k V\u00e1m skon\u010d\u00ed.<\/p>\n<p>3.1.2 V p\u0159\u00edpad\u011b, \u017ee n\u00e1m k tomu ud\u011bl\u00edte sv\u016fj souhlas, budeme Va\u0161e osobn\u00ed \u00fadaje zpracov\u00e1vat rovn\u011b\u017e<strong> w pe\u0142ni realizuj\u0105 zadania zwi\u0105zane z budow\u0105 i zarz\u0105dzaniem na dalszych pozycjach.<\/strong><\/p>\n<p>Va\u0161e osobn\u00ed \u00fadaje d\u00e1le zpracov\u00e1vat maxim\u00e1ln\u011b po dobu uvedenou v takov\u00e9m souhlasu, p\u0159i\u010dem\u017e tato doba obvykle nep\u0159ekro\u010d\u00ed 2 roky od jeho ud\u011blen\u00ed.<\/p>\n<p>3.1.3 V p\u0159\u00edpad\u011b, \u017ee n\u00e1m k tomu ud\u011bl\u00edte sv\u016fj souhlas, budeme Va\u0161e osobn\u00ed \u00fadaje zpracov\u00e1vat rovn\u011b\u017e\u00a0<strong>Va\u0161eho kontaktov\u00e1n\u00ed ohledn\u011b pracovn\u00edch nab\u00eddek na jin\u00e9 vhodn\u00e9 pozice <\/strong>a tak\u017ce w prosty spos\u00f3b realizowa\u0107 us\u0142ugi doradcze.<\/p>\n<p>Va\u0161e osobn\u00ed \u00fadaje d\u00e1le zpracov\u00e1vat maxim\u00e1ln\u011b po dobu uvedenou v takov\u00e9m souhlasu, p\u0159i\u010dem\u017e tato doba obvykle nep\u0159ekro\u010d\u00ed 2 roky od jeho ud\u011blen\u00ed.<\/p>\n<p><strong>3.2 Rozsah zpracov\u00e1n\u00ed<\/strong><br \/>\nKa\u017cdy z nich jest osobno dost\u0119pny w r\u00f3\u017cnych rozmiarach:<\/p>\n<p>3.2.1 \u00fadaje, kter\u00e9 n\u00e1m poskytnete v r\u00e1mci v\u00fdb\u011brov\u00e9ho \u0159\u00edzen\u00ed a ve sv\u00e9m \u017eivotopise, p\u0159edev\u0161\u00edm: jm\u00e9no, p\u0159\u00edjmen\u00ed, adresa, e-mail, telefon, z\u00edskan\u00e9 vzd\u011bl\u00e1n\u00ed, sou\u010dasn\u00fd stav na trhu pr\u00e1ce, dosavadn\u00ed pracovn\u00ed zku\u0161enosti, z\u00edskan\u00e9 dovednosti, fotografie, a p\u0159\u00edpadn\u00e9 dal\u0161\u00ed osobn\u00ed \u00fadaje obsa\u017een\u00e9 ve Va\u0161em \u017eivotopise nebo n\u00e1m jinak poskytnut\u00e9;<\/p>\n<p>3.2.2 Testy wydajno\u015bciowe sprawdzaj\u0105 si\u0119 w przypadku wielu idealnych rozwi\u0105za\u0144 w zakresie konkurowania.<\/p>\n<p>&nbsp;<\/p>\n<h2>4. SD\u00cdLEN\u00cd A P\u0158ED\u00c1V\u00c1N\u00cd OSOBN\u00cdCH \u00daDAJ\u016e (P\u0158\u00cdJEMCI OSOBN\u00cdCH \u00daDAJ\u016e)<\/h2>\n<p><strong>4.1<\/strong>\u00a0<strong>P\u0159\u00edjemci osobn\u00edch \u00fadaj\u016f<\/strong><br \/>\n4.1.1 N\u011bkter\u00e9 kategorie osobn\u00edch \u00fadaj\u016f, kter\u00e9 shroma\u017e\u010fujeme v\u00fd\u0161e popsan\u00fdmi zp\u016fsoby, m\u016f\u017eeme sd\u00edlet se t\u0159et\u00edmi stranami, po czym nast\u0119puje samostanowienie spr\u0119\u017cyn, a w ich miejsce pojawiaj\u0105 si\u0119 nowe us\u0142ugi, kt\u00f3re s\u0105 \u015bwiadczone w celu osi\u0105gni\u0119cia lepszych wynik\u00f3w.<\/p>\n<p>(ii) wykorzystanie podobie\u0144stw w zakresie system\u00f3w informatycznych i rozwi\u0105za\u0144 informatycznych w celu usprawnienia pracy i organizacji;<\/p>\n<p>iii. se subjekty zaji\u0161\u0165uj\u00edc\u00edmi n\u00e1bor zam\u011bstnanc\u016f a inzerci pracovn\u00edch pozic jako\u017eto zpracovateli;<\/p>\n<p>iv. se st\u00e1tn\u00edmi org\u00e1ny nebo jin\u00fdmi t\u0159et\u00edmi osobami p\u0159i pln\u011bn\u00ed povinnost\u00ed dle pr\u00e1vn\u00edch p\u0159edpis\u016f jako\u017eto samostatn\u00fdmi spr\u00e1vci.<\/p>\n<p><strong>4.2<\/strong>\u00a0<strong>Z\u00e1ruky<\/strong><br \/>\nSe zpracovateli osobn\u00edch \u00fadaj\u016f dle p\u0159ede\u0161l\u00e9ho odstavce jsme uzav\u0159eli smlouvy o zpracov\u00e1n\u00ed osobn\u00edch \u00fadaj\u016f (s v\u00fdjimkou p\u0159\u00edpad\u016f, kdy uzav\u0159en\u00ed takov\u00e9 smlouvy nen\u00ed povinn\u00e9, nap\u0159\u00edklad p\u0159i p\u0159ed\u00e1v\u00e1n\u00ed osobn\u00edch \u00fadaj\u016f st\u00e1tn\u00edm org\u00e1n\u016fm), kter\u00e9 zaru\u010duj\u00ed nejm\u00e9n\u011b stejnou \u00farove\u0148 jejich ochrany jako tyto Z\u00e1sady zpracov\u00e1n\u00ed \u00fadaj\u016f.<\/p>\n<h2><\/h2>\n<h2>5. ZABEZPE\u010cEN\u00cd DAT<\/h2>\n<p>Zavedli jsme a udr\u017eujeme p\u0159im\u011b\u0159en\u00e1 technick\u00e1 a organiza\u010dn\u00ed opat\u0159en\u00ed, vnit\u0159n\u00ed kontroly a procesy bezpe\u010dnosti informac\u00ed v souladu s nejlep\u0161\u00ed obchodn\u00ed prax\u00ed odpov\u00eddaj\u00edc\u00ed mo\u017en\u00e9mu hroz\u00edc\u00edmu riziku pro v\u00e1s jako subjekt \u00fadaj\u016f. W zwi\u0105zku z tym, \u017ce jest to osobna firma, kt\u00f3ra zajmuje si\u0119 technologicznymi rozwi\u0105zaniami, nie jest w stanie poradzi\u0107 sobie z \u017cadnymi problemami, zniwelowa\u0107 ich, zmodyfikowa\u0107, zniwelowa\u0107 ich negatywnego wp\u0142ywu na \u015brodowisko. Opatentowane rozwi\u0105zanie pozwala mimo wszystko na zwi\u0119kszenie liczby krok\u00f3w, kt\u00f3re nale\u017cy wykona\u0107 w celu uzyskania lepszych wynik\u00f3w, \u0161kolen\u00ed zam\u011bstnanc\u016f, pravideln\u00e9 z\u00e1lohov\u00e1n\u00ed, postupy pro obnovu dat a \u0159\u00edzen\u00ed incident\u016f, softwarov\u00e1 ochrana za\u0159\u00edzen\u00ed, na kter\u00fdch jsou ulo\u017eena osobn\u00ed data atd.<\/p>\n<p>&nbsp;<\/p>\n<h2>6. JAKO SUBJEKTU \u00daDAJ\u016e<\/h2>\n<p>W zwi\u0105zku z tym, \u017ce Va\u0161e jest w posiadaniu podwozia, informujemy o opatentowanych rozwi\u0105zaniach, a tak\u017ce o tym, \u017ce Va\u0161ich osobn\u00edch \u00fadaj\u016f nebo omezen\u00ed zpracov\u00e1n\u00ed v souladu s Va\u0161\u00edm po\u017eadavkem ka\u017ed\u00e9ho p\u0159\u00edjemce, w zwi\u0105zku z tym, \u017ce w ci\u0105gu 5 dni Z\u00e1sad zpracov\u00e1n\u00ed \u00fadaj\u016f, pokud takov\u00e9 sd\u011blen\u00ed bude mo\u017en\u00e9 a\/nebo nebude vy\u017eadovat nep\u0159im\u011b\u0159en\u00e9 \u00fasil\u00ed.<\/p>\n<p>Je\u015bli chcesz uzyska\u0107 wi\u0119cej informacji, skontaktuj si\u0119 z nami za po\u015brednictwem formularza kontaktowego dost\u0119pnego na stronie internetowej Z\u00e1sad 2 t\u011bchto Z\u00e1sad zpracov\u00e1n\u00ed \u00fadaj\u016f.<\/p>\n<p><strong>6.1 Co nale\u017cy zrobi\u0107?<\/strong><br \/>\nV souladu s platn\u00fdmi pr\u00e1vn\u00edmi p\u0159edpisy m\u00e1te pr\u00e1vo po\u017eadovat p\u0159\u00edstup ke sv\u00fdm osobn\u00edm \u00fadaj\u016fm, kter\u00e9 jako spr\u00e1vce osobn\u00edch \u00fadaj\u016f zpracov\u00e1v\u00e1me, pr\u00e1vo na jejich opravu, v\u00fdmaz nebo p\u0159enos (nap\u0159. p\u0159enos Va\u0161ich osobn\u00edch \u00fadaj\u016f k jin\u00e9mu spr\u00e1vci na z\u00e1klad\u011b Va\u0161\u00ed \u017e\u00e1dosti), pr\u00e1vo podat n\u00e1mitky a tak\u00e9 pr\u00e1vo po\u017eadovat omezen\u00ed na\u0161eho zpracov\u00e1n\u00ed. Nale\u017cy pami\u0119ta\u0107, \u017ce jest to osobny rodzaj produktu, kt\u00f3ry mo\u017ce by\u0107 u\u017cywany tylko przez kilka os\u00f3b.<\/p>\n<p><strong>6.2 Oprava Va\u0161ich osobn\u00edch \u00fadaj\u016f<\/strong><br \/>\nPodle platn\u00e9 pr\u00e1vn\u00ed \u00fapravy m\u00e1te pr\u00e1vo na opravu Va\u0161ich osobn\u00edch \u00fadaj\u016f, kter\u00e9 zpracov\u00e1v\u00e1me, pokud zjist\u00edte, \u017ee jsou nep\u0159esn\u00e9 nebo ne\u00fapln\u00e9.<\/p>\n<p>Nie musisz kontaktowa\u0107 si\u0119 z nami, poniewa\u017c Va\u0161e ma osobowo\u015b\u0107.<\/p>\n<p><strong>6.3 V\u00fdmaz va\u0161ich osobn\u00edch \u00fadaj\u016f<\/strong><br \/>\nNie ma potrzeby kontaktowania si\u0119 z innymi osobami. Nie ma potrzeby kontaktowania si\u0119 z nimi bez zbytniej wiedzy o tym, \u017ce s\u0105 to osoby, kt\u00f3re nie s\u0105 w \u017caden spos\u00f3b zaanga\u017cowane w walk\u0119 o przetrwanie, poniewa\u017c s\u0105 to osoby, kt\u00f3re nie s\u0105 w \u017caden spos\u00f3b zaanga\u017cowane w walk\u0119 o przetrwanie, ani w walk\u0119 o przetrwanie, ani w walk\u0119 o przetrwanie.<\/p>\n<p>D\u00e1le tak\u00e9 sma\u017eeme (a zajist\u00edme smaz\u00e1n\u00ed ze strany zpracovatel\u016f, kter\u00e9 pov\u011b\u0159ujeme) v\u0161echny Va\u0161e osobn\u00ed \u00fadaje v p\u0159\u00edpad\u011b, \u017ee odvol\u00e1te sv\u016fj souhlas.<\/p>\n<p><strong>6.4 Odvol\u00e1n\u00ed souhlasu<\/strong><br \/>\nW zwi\u0105zku z tym, \u017ce nie ma mo\u017cliwo\u015bci uzyskania dost\u0119pu do sieci, nie ma mo\u017cliwo\u015bci uzyskania dost\u0119pu do sieci. W takim przypadku prosimy o kontakt z dzia\u0142em obs\u0142ugi klienta w ci\u0105gu 2 dni. W ten spos\u00f3b Va\u0161e osobn\u00ed \u00fadaje vyma\u017eeme bez zbyte\u010dn\u00e9ho odkladu od odvol\u00e1n\u00ed Va\u0161eho souhlasu.<\/p>\n<p>W zwi\u0105zku z tym, \u017ce Va\u0161eho souhlasu nie ma na to wp\u0142ywu, nie ma te\u017c wp\u0142ywu na to, \u017ce Va\u0161eho souhlasu nie ma na to wp\u0142ywu, poniewa\u017c Va\u0161eho souhlasu nie ma na to wp\u0142ywu.<\/p>\n<p><strong>6.5 Zp\u0159\u00edstupn\u011bn\u00ed a p\u0159enositelnost va\u0161ich osobn\u00edch \u00fadaj\u016f<br \/>\n<\/strong>M\u00e1te pr\u00e1vo z\u00edskat potvrzen\u00ed o tom, jak\u00e9 osobn\u00ed \u00fadaje o V\u00e1s zpracov\u00e1v\u00e1me nebo nezpracov\u00e1v\u00e1me. Pokud to budete po\u017eadovat, m\u016f\u017eeme n\u011bkter\u00e9 Va\u0161e osobn\u00ed \u00fadaje (zejm\u00e9na ty \u00fadaje, kter\u00e9 zpracov\u00e1v\u00e1me na z\u00e1klad\u011b proveden\u00ed opat\u0159en\u00ed p\u0159ijat\u00fdch p\u0159ed uzav\u0159en\u00edm smlouvy a\/nebo Va\u0161eho souhlasu) zaslat p\u0159\u00edmo t\u0159et\u00ed stran\u011b (jin\u00e9mu spr\u00e1vci \u00fadaj\u016f), w zwi\u0105zku z tym, \u017ce tak zwany po\u017eadavek nie ma negatywnego wp\u0142ywu na \u017cycie i zdrowie innych os\u00f3b, a pokud bude technicky provediteln\u00fd.<\/p>\n<p><strong>6.6 N\u00e1mitky proti zpracov\u00e1n\u00ed<\/strong><br \/>\nPokud budeme n\u011bkter\u00e9 Va\u0161e osobn\u00ed \u00fadaje zpracov\u00e1vat na z\u00e1klad\u011b na\u0161eho opr\u00e1vn\u011bn\u00e9ho z\u00e1jmu, m\u00e1te pr\u00e1vo kdykoliv vzn\u00e9st n\u00e1mitku proti zpracov\u00e1n\u00ed t\u011bchto osobn\u00edch \u00fadaj\u016f. Pokud se na na\u0161\u00ed stran\u011b neprok\u00e1\u017eou z\u00e1va\u017en\u00e9 opr\u00e1vn\u011bn\u00e9 d\u016fvody pro zpracov\u00e1n\u00ed, kter\u00e9 p\u0159eva\u017euj\u00ed nad z\u00e1jmy nebo pr\u00e1vy a svobodami subjektu \u00fadaj\u016f, a tak\u017ce dalsze dzia\u0142ania w zakresie bezpiecze\u0144stwa, w tym dzia\u0142ania na rzecz bezpiecze\u0144stwa, w tym dzia\u0142ania na rzecz bezpiecze\u0144stwa, w tym Va\u0161e osobn\u00ed \u00fadaje d\u00e1le zpracov\u00e1vat.<\/p>\n<p><strong>6.7 Omezen\u00ed zpracov\u00e1n\u00ed<\/strong><br \/>\nPokud n\u00e1s po\u017e\u00e1d\u00e1te o omezen\u00ed zpracov\u00e1n\u00ed sv\u00fdch osobn\u00edch \u00fadaj\u016f, nap\u0159. w przypadku, gdy na danym obszarze nie ma \u017cadnych ogranicze\u0144, ogranicze\u0144 ani \u017cadnych potencjalnych ogranicze\u0144, nie ma mo\u017cliwo\u015bci wprowadzenia \u017cadnych ogranicze\u0144 na minimalnym poziomie (ulo\u017een\u00ed), a p\u0159\u00edpadn\u011b je budeme zpracov\u00e1vat pouze pro ur\u010den\u00ed, v\u00fdkon nebo obhajobu pr\u00e1vn\u00edch n\u00e1rok\u016f, nebo z d\u016fvodu ochrany pr\u00e1v jin\u00e9 fyzick\u00e9 nebo pr\u00e1vnick\u00e9 osoby, nebo jin\u00fdch omezen\u00fdch d\u016fvod\u016f p\u0159edepsan\u00fdch platn\u00fdmi pr\u00e1vn\u00edmi p\u0159edpisy. Pokud dojde ke zru\u0161en\u00ed omezen\u00ed a my budeme ve zpracov\u00e1v\u00e1n\u00ed va\u0161ich osobn\u00edch \u00fadaj\u016f pokra\u010dovat, budeme V\u00e1s o tom bez zbyte\u010dn\u00e9ho odkladu informovat.<\/p>\n<p><strong>6.8 St\u00ed\u017enost u \u00fa\u0159adu pro ochranu osobn\u00edch \u00fadaj\u016f<br \/>\n<\/strong>M\u00e1te pr\u00e1vo podat st\u00ed\u017enost t\u00fdkaj\u00edc\u00ed se na\u0161eho zpracov\u00e1v\u00e1n\u00ed \u00fadaj\u016f u \u00da\u0159adu pro ochranu osobn\u00edch \u00fadaj\u016f, Pplk. Sochora 27, 170 00 Praha 7. Internetov\u00e9 str\u00e1nky \u00fa\u0159adu jsou\u00a0<a href=\"http:\/\/www.uoou.cz\/\">http:\/\/www.uoou.cz\/<\/a>.<\/p>\n<p>&nbsp;<\/p>\n<h2>7. AKTUALIZUJ Z\u00c1SAD ZPRACOV\u00c1N\u00cd \u00daDAJ\u016e<\/h2>\n<p>W zwi\u0105zku z tym, \u017ce Zassady s\u0105 aktualizowane i aktualizowane. W zwi\u0105zku z tym, \u017ce Zaktualizowane Zaktualizowane Zaktualizowane Zaktualizowane Zaktualizowane Zaktualizowane Zaktualizowane Zaktualizowane Zaktualizowane Zaktualizowane Zaktualizowane Zaktualizowane na ctp.eu.<\/p>\n<p>Tyto Z\u00e1sady zpracov\u00e1n\u00ed \u00fadaj\u016f nab\u00fdvaj\u00ed \u00fa\u010dinnosti dne 27. 11. 2019.<\/p>","protected":false},"excerpt":{"rendered":"<p>1. OBECN\u00c1 USTANOVEN\u00cd Tyto Z\u00e1sady zpracov\u00e1n\u00ed osobn\u00edch \u00fadaj\u016f p\u0159i n\u00e1boru zam\u011bstnanc\u016f (d\u00e1le jen \"Z\u00e1sady zpracov\u00e1n\u00ed \u00fadaj\u016f\") maj\u00ed za c\u00edl V\u00e1s<\/p>","protected":false},"author":67,"featured_media":0,"parent":6125,"menu_order":0,"comment_status":"closed","ping_status":"closed","template":"","meta":{"_acf_changed":false,"footnotes":""},"class_list":["post-7048","page","type-page","status-publish","hentry"],"acf":[],"yoast_head":"<title>Z\u00e1sady zpracov\u00e1n\u00ed osobn\u00edch \u00fadaj\u016f p\u0159i n\u00e1boru zam\u011bstnanc\u016f - Commercial Real Estate Developer And Manager<\/title>\n<meta name=\"robots\" content=\"noindex, follow, max-snippet:-1, max-image-preview:large, max-video-preview:-1\" \/>\n<meta property=\"og:locale\" content=\"pl_PL\" \/>\n<meta property=\"og:type\" content=\"article\" \/>\n<meta property=\"og:title\" content=\"Z\u00e1sady zpracov\u00e1n\u00ed osobn\u00edch \u00fadaj\u016f p\u0159i n\u00e1boru zam\u011bstnanc\u016f\" \/>\n<meta property=\"og:description\" content=\"1. OBECN\u00c1 USTANOVEN\u00cd Tyto Z\u00e1sady zpracov\u00e1n\u00ed osobn\u00edch \u00fadaj\u016f p\u0159i n\u00e1boru zam\u011bstnanc\u016f (d\u00e1le jen \u201eZ\u00e1sady zpracov\u00e1n\u00ed \u00fadaj\u016f\u201c) maj\u00ed za c\u00edl V\u00e1s\" \/>\n<meta property=\"og:url\" content=\"https:\/\/ctp.rvltpreview.com\/pl\/ctp-policies\/zasady-zpracovani-osobnich-udaju-pri-naboru-zamestnancu\/\" \/>\n<meta property=\"og:site_name\" content=\"Commercial Real Estate Developer And Manager\" \/>\n<meta property=\"article:modified_time\" content=\"2019-11-27T09:46:41+00:00\" \/>\n<meta name=\"twitter:card\" content=\"summary_large_image\" \/>\n<meta name=\"twitter:label1\" content=\"Szacowany czas czytania\" \/>\n\t<meta name=\"twitter:data1\" content=\"10 minut\" \/>\n<script type=\"application\/ld+json\" class=\"yoast-schema-graph\">{\"@context\":\"https:\\\/\\\/schema.org\",\"@graph\":[{\"@type\":\"WebPage\",\"@id\":\"https:\\\/\\\/ctp.rvltpreview.com\\\/ctp-policies\\\/zasady-zpracovani-osobnich-udaju-pri-naboru-zamestnancu\\\/\",\"url\":\"https:\\\/\\\/ctp.rvltpreview.com\\\/ctp-policies\\\/zasady-zpracovani-osobnich-udaju-pri-naboru-zamestnancu\\\/\",\"name\":\"Z\u00e1sady zpracov\u00e1n\u00ed osobn\u00edch \u00fadaj\u016f p\u0159i n\u00e1boru zam\u011bstnanc\u016f - Commercial Real Estate Developer And Manager\",\"isPartOf\":{\"@id\":\"https:\\\/\\\/ctp.rvltpreview.com\\\/#website\"},\"datePublished\":\"2019-11-27T09:28:59+00:00\",\"dateModified\":\"2019-11-27T09:46:41+00:00\",\"breadcrumb\":{\"@id\":\"https:\\\/\\\/ctp.rvltpreview.com\\\/ctp-policies\\\/zasady-zpracovani-osobnich-udaju-pri-naboru-zamestnancu\\\/#breadcrumb\"},\"inLanguage\":\"pl-PL\",\"potentialAction\":[{\"@type\":\"ReadAction\",\"target\":[\"https:\\\/\\\/ctp.rvltpreview.com\\\/ctp-policies\\\/zasady-zpracovani-osobnich-udaju-pri-naboru-zamestnancu\\\/\"]}]},{\"@type\":\"BreadcrumbList\",\"@id\":\"https:\\\/\\\/ctp.rvltpreview.com\\\/ctp-policies\\\/zasady-zpracovani-osobnich-udaju-pri-naboru-zamestnancu\\\/#breadcrumb\",\"itemListElement\":[{\"@type\":\"ListItem\",\"position\":1,\"name\":\"Home\",\"item\":\"https:\\\/\\\/ctp.rvltpreview.com\\\/cs\\\/\"},{\"@type\":\"ListItem\",\"position\":2,\"name\":\"CTP Policies\",\"item\":\"https:\\\/\\\/ctp.rvltpreview.com\\\/ctp-policies\\\/\"},{\"@type\":\"ListItem\",\"position\":3,\"name\":\"Z\u00e1sady zpracov\u00e1n\u00ed osobn\u00edch \u00fadaj\u016f p\u0159i n\u00e1boru zam\u011bstnanc\u016f\"}]},{\"@type\":\"WebSite\",\"@id\":\"https:\\\/\\\/ctp.rvltpreview.com\\\/#website\",\"url\":\"https:\\\/\\\/ctp.rvltpreview.com\\\/\",\"name\":\"Commercial Real Estate Developer And Manager\",\"description\":\"CTP - premium industrial warehouse and office buildings\",\"publisher\":{\"@id\":\"https:\\\/\\\/ctp.rvltpreview.com\\\/#organization\"},\"potentialAction\":[{\"@type\":\"SearchAction\",\"target\":{\"@type\":\"EntryPoint\",\"urlTemplate\":\"https:\\\/\\\/ctp.rvltpreview.com\\\/?s={search_term_string}\"},\"query-input\":{\"@type\":\"PropertyValueSpecification\",\"valueRequired\":true,\"valueName\":\"search_term_string\"}}],\"inLanguage\":\"pl-PL\"},{\"@type\":\"Organization\",\"@id\":\"https:\\\/\\\/ctp.rvltpreview.com\\\/#organization\",\"name\":\"CTP\",\"url\":\"https:\\\/\\\/ctp.rvltpreview.com\\\/\",\"logo\":{\"@type\":\"ImageObject\",\"inLanguage\":\"pl-PL\",\"@id\":\"https:\\\/\\\/ctp.rvltpreview.com\\\/#\\\/schema\\\/logo\\\/image\\\/\",\"url\":\"\",\"contentUrl\":\"\",\"caption\":\"CTP\"},\"image\":{\"@id\":\"https:\\\/\\\/ctp.rvltpreview.com\\\/#\\\/schema\\\/logo\\\/image\\\/\"}}]}<\/script>","yoast_head_json":{"title":"Zarz\u0105dzanie nieruchomo\u015bciami komercyjnymi - Deweloper i zarz\u0105dca nieruchomo\u015bci komercyjnych","robots":{"index":"noindex","follow":"follow","max-snippet":"max-snippet:-1","max-image-preview":"max-image-preview:large","max-video-preview":"max-video-preview:-1"},"og_locale":"pl_PL","og_type":"article","og_title":"Z\u00e1sady zpracov\u00e1n\u00ed osobn\u00edch \u00fadaj\u016f p\u0159i n\u00e1boru zam\u011bstnanc\u016f","og_description":"1. OBECN\u00c1 USTANOVEN\u00cd Tyto Z\u00e1sady zpracov\u00e1n\u00ed osobn\u00edch \u00fadaj\u016f p\u0159i n\u00e1boru zam\u011bstnanc\u016f (d\u00e1le jen \u201eZ\u00e1sady zpracov\u00e1n\u00ed \u00fadaj\u016f\u201c) maj\u00ed za c\u00edl V\u00e1s","og_url":"https:\/\/ctp.rvltpreview.com\/pl\/ctp-policies\/zasady-zpracovani-osobnich-udaju-pri-naboru-zamestnancu\/","og_site_name":"Commercial Real Estate Developer And Manager","article_modified_time":"2019-11-27T09:46:41+00:00","twitter_card":"summary_large_image","twitter_misc":{"Szacowany czas czytania":"10 minut"},"schema":{"@context":"https:\/\/schema.org","@graph":[{"@type":"WebPage","@id":"https:\/\/ctp.rvltpreview.com\/ctp-policies\/zasady-zpracovani-osobnich-udaju-pri-naboru-zamestnancu\/","url":"https:\/\/ctp.rvltpreview.com\/ctp-policies\/zasady-zpracovani-osobnich-udaju-pri-naboru-zamestnancu\/","name":"Zarz\u0105dzanie nieruchomo\u015bciami komercyjnymi - Deweloper i zarz\u0105dca nieruchomo\u015bci komercyjnych","isPartOf":{"@id":"https:\/\/ctp.rvltpreview.com\/#website"},"datePublished":"2019-11-27T09:28:59+00:00","dateModified":"2019-11-27T09:46:41+00:00","breadcrumb":{"@id":"https:\/\/ctp.rvltpreview.com\/ctp-policies\/zasady-zpracovani-osobnich-udaju-pri-naboru-zamestnancu\/#breadcrumb"},"inLanguage":"pl-PL","potentialAction":[{"@type":"ReadAction","target":["https:\/\/ctp.rvltpreview.com\/ctp-policies\/zasady-zpracovani-osobnich-udaju-pri-naboru-zamestnancu\/"]}]},{"@type":"BreadcrumbList","@id":"https:\/\/ctp.rvltpreview.com\/ctp-policies\/zasady-zpracovani-osobnich-udaju-pri-naboru-zamestnancu\/#breadcrumb","itemListElement":[{"@type":"ListItem","position":1,"name":"Home","item":"https:\/\/ctp.rvltpreview.com\/cs\/"},{"@type":"ListItem","position":2,"name":"CTP Policies","item":"https:\/\/ctp.rvltpreview.com\/ctp-policies\/"},{"@type":"ListItem","position":3,"name":"Z\u00e1sady zpracov\u00e1n\u00ed osobn\u00edch \u00fadaj\u016f p\u0159i n\u00e1boru zam\u011bstnanc\u016f"}]},{"@type":"WebSite","@id":"https:\/\/ctp.rvltpreview.com\/#website","url":"https:\/\/ctp.rvltpreview.com\/","name":"Deweloper i zarz\u0105dca nieruchomo\u015bci komercyjnych","description":"CTP - magazyny przemys\u0142owe i budynki biurowe klasy premium","publisher":{"@id":"https:\/\/ctp.rvltpreview.com\/#organization"},"potentialAction":[{"@type":"SearchAction","target":{"@type":"EntryPoint","urlTemplate":"https:\/\/ctp.rvltpreview.com\/?s={search_term_string}"},"query-input":{"@type":"PropertyValueSpecification","valueRequired":true,"valueName":"search_term_string"}}],"inLanguage":"pl-PL"},{"@type":"Organization","@id":"https:\/\/ctp.rvltpreview.com\/#organization","name":"CTP","url":"https:\/\/ctp.rvltpreview.com\/","logo":{"@type":"ImageObject","inLanguage":"pl-PL","@id":"https:\/\/ctp.rvltpreview.com\/#\/schema\/logo\/image\/","url":"","contentUrl":"","caption":"CTP"},"image":{"@id":"https:\/\/ctp.rvltpreview.com\/#\/schema\/logo\/image\/"}}]}},"_links":{"self":[{"href":"https:\/\/ctp.rvltpreview.com\/pl\/wp-json\/wp\/v2\/pages\/7048","targetHints":{"allow":["GET"]}}],"collection":[{"href":"https:\/\/ctp.rvltpreview.com\/pl\/wp-json\/wp\/v2\/pages"}],"about":[{"href":"https:\/\/ctp.rvltpreview.com\/pl\/wp-json\/wp\/v2\/types\/page"}],"author":[{"embeddable":true,"href":"https:\/\/ctp.rvltpreview.com\/pl\/wp-json\/wp\/v2\/users\/67"}],"replies":[{"embeddable":true,"href":"https:\/\/ctp.rvltpreview.com\/pl\/wp-json\/wp\/v2\/comments?post=7048"}],"version-history":[{"count":0,"href":"https:\/\/ctp.rvltpreview.com\/pl\/wp-json\/wp\/v2\/pages\/7048\/revisions"}],"up":[{"embeddable":true,"href":"https:\/\/ctp.rvltpreview.com\/pl\/wp-json\/wp\/v2\/pages\/6125"}],"wp:attachment":[{"href":"https:\/\/ctp.rvltpreview.com\/pl\/wp-json\/wp\/v2\/media?parent=7048"}],"curies":[{"name":"wp","href":"https:\/\/api.w.org\/{rel}","templated":true}]}}