{"id":7048,"date":"2019-11-27T09:28:59","date_gmt":"2019-11-27T09:28:59","guid":{"rendered":"https:\/\/www.ctp.eu\/?page_id=7048"},"modified":"2019-11-27T09:46:41","modified_gmt":"2019-11-27T09:46:41","slug":"zasady-zpracovani-osobnich-udaju-pri-naboru-zamestnancu","status":"publish","type":"page","link":"https:\/\/ctp.rvltpreview.com\/cs\/ctp-policies\/zasady-zpracovani-osobnich-udaju-pri-naboru-zamestnancu\/","title":{"rendered":"Z\u00e1sady zpracov\u00e1n\u00ed osobn\u00edch \u00fadaj\u016f p\u0159i n\u00e1boru zam\u011bstnanc\u016f"},"content":{"rendered":"<h2>1. OBECN\u00c1 USTANOVEN\u00cd<\/h2>\n<p>Tyto Z\u00e1sady zpracov\u00e1n\u00ed osobn\u00edch \u00fadaj\u016f p\u0159i n\u00e1boru zam\u011bstnanc\u016f (d\u00e1le jen \"Z\u00e1sady zpracov\u00e1n\u00ed \u00fadaj\u016f\") maj\u00ed za c\u00edl V\u00e1s informovat o tom, jak spole\u010dnost CTP Invest, spol. s r.o. (d\u00e1le jen \"Spr\u00e1vce \u00fadaj\u016f\" nebo t\u00e9\u017e \"my\") v souvislosti s n\u00e1borem nov\u00fdch zam\u011bstnanc\u016f z\u00edsk\u00e1v\u00e1, uchov\u00e1v\u00e1 a d\u00e1le zpracov\u00e1v\u00e1 Va\u0161e osobn\u00ed \u00fadaje a jak d\u00e1le s Va\u0161imi osobn\u00edmi \u00fadaji nakl\u00e1d\u00e1 a chr\u00e1n\u00ed je. Osobn\u00edmi \u00fadaji jsou jak\u00e9koliv informace t\u00fdkaj\u00edc\u00ed se identifikovan\u00e9 nebo identifikovateln\u00e9 fyzick\u00e9 osoby, kter\u00e1 se uch\u00e1z\u00ed o zam\u011bstn\u00e1n\u00ed (d\u00e1le jen \"Vy\" nebo \"uchaze\u010d\").<\/p>\n<p>\u00da\u010delem t\u011bchto Z\u00e1sad zpracov\u00e1n\u00ed \u00fadaj\u016f je rovn\u011b\u017e informovat V\u00e1s o Va\u0161ich pr\u00e1vech v souvislosti se zpracov\u00e1n\u00edm Va\u0161ich \u00fadaj\u016f a o tom, jak a jak\u00fdmi prost\u0159edky m\u016f\u017eete tato pr\u00e1va uplat\u0148ovat.<\/p>\n<p>Doporu\u010dujeme V\u00e1m pe\u010dliv\u011b se sezn\u00e1mit s t\u011bmito Z\u00e1sadami zpracov\u00e1n\u00ed \u00fadaj\u016f.<\/p>\n<p>&nbsp;<\/p>\n<h2>2. SPR\u00c1VCE OSOBN\u00cdCH \u00daDAJ\u016e A KONTAKTN\u00cd \u00daDAJE<\/h2>\n<p>Spr\u00e1vcem va\u0161ich osobn\u00edch \u00fadaj\u016f je CTP Invest, spol. s r.o., se s\u00eddlem Central Trade Park D1 1571, 396 01 Humpolec, zapsan\u00e1 v obchodn\u00edm rejst\u0159\u00edku veden\u00e9m u Krajsk\u00e9ho soudu v \u010cesk\u00fdch Bud\u011bjovic\u00edch, sp. zn. C 15647, I\u010cO: 261 66 453.<\/p>\n<p>Kontaktn\u00ed \u00fadaje Spr\u00e1vce \u00fadaj\u016f pro jak\u00e9koliv z\u00e1le\u017eitosti t\u00fdkaj\u00edc\u00ed se ochrany osobn\u00edch \u00fadaj\u016f jsou:<br \/>\nAdresa: Adresa: Cyrilsk\u00e1 16, Brno, 60200<br \/>\nTelefon: 730 572 539<br \/>\nEmailov\u00e1 adresa:\u00a0<a href=\"mailto:info@ctp.eu\">info@ctp.eu<\/a><\/p>\n<h2><\/h2>\n<h2><strong>3. \u00da\u010cEL, PR\u00c1VN\u00cd Z\u00c1KLAD, ROZSAH A DOBA ZPRACOV\u00c1N\u00cd OSOBN\u00cdCH \u00daDAJ\u016e<\/strong><\/h2>\n<p><strong>3.1 <\/strong><strong>Pr\u00e1vn\u00ed z\u00e1klady, \u00fa\u010dely a doba zpracov\u00e1n\u00ed<\/strong><br \/>\nVa\u0161e osobn\u00ed \u00fadaje zpracov\u00e1v\u00e1me pouze v rozsahu nezbytn\u00e9m pro pln\u011bn\u00ed na\u0161ich smluvn\u00edch \u010di z\u00e1konn\u00fdch povinnost\u00ed, p\u0159\u00edpadn\u011b na z\u00e1klad\u011b V\u00e1mi ud\u011blen\u00e9ho souhlasu pro n\u00ed\u017ee uveden\u00e9 \u00fa\u010dely.<\/p>\n<p>3.1.1 Va\u0161e osobn\u00ed \u00fadaje zpracov\u00e1v\u00e1me pro \u00fa\u010dely realizace v\u00fdb\u011brov\u00e9ho \u0159\u00edzen\u00ed na konkr\u00e9tn\u00ed pozici a p\u0159\u00edpadn\u00e9 uzav\u0159en\u00ed pracovn\u011bpr\u00e1vn\u00edho vztahu mezi V\u00e1mi a n\u00e1mi ve vztahu k t\u00e9to pozici.<\/p>\n<p>Takov\u00e9 zpracov\u00e1n\u00ed je nezbytn\u00e9 pro p\u0159\u00edpadn\u00e9 uzav\u0159en\u00ed smlouvy mezi n\u00e1mi a V\u00e1mi. Z tohoto d\u016fvodu Va\u0161e osobn\u00ed \u00fadaje zpracov\u00e1v\u00e1me do doby, ne\u017e v\u00fdb\u011brov\u00e9 \u0159\u00edzen\u00ed ve vztahu k V\u00e1m skon\u010d\u00ed.<\/p>\n<p>3.1.2 V p\u0159\u00edpad\u011b, \u017ee n\u00e1m k tomu ud\u011bl\u00edte sv\u016fj souhlas, budeme Va\u0161e osobn\u00ed \u00fadaje zpracov\u00e1vat rovn\u011b\u017e<strong> pro \u00fa\u010dely realizace p\u0159\u00edpadn\u00fdch budouc\u00edch v\u00fdb\u011brov\u00fdch \u0159\u00edzen\u00ed na dal\u0161\u00ed pozice v na\u0161\u00ed spole\u010dnosti.<\/strong><\/p>\n<p>V takov\u00e9m p\u0159\u00edpad\u011b budeme Va\u0161e osobn\u00ed \u00fadaje d\u00e1le zpracov\u00e1vat maxim\u00e1ln\u011b po dobu uvedenou v takov\u00e9m souhlasu, p\u0159i\u010dem\u017e tato doba obvykle nep\u0159ekro\u010d\u00ed 2 roky od jeho ud\u011blen\u00ed.<\/p>\n<p>3.1.3 V p\u0159\u00edpad\u011b, \u017ee n\u00e1m k tomu ud\u011bl\u00edte sv\u016fj souhlas, budeme Va\u0161e osobn\u00ed \u00fadaje zpracov\u00e1vat rovn\u011b\u017e\u00a0<strong>pro \u00fa\u010dely Va\u0161eho kontaktov\u00e1n\u00ed ohledn\u011b pracovn\u00edch nab\u00eddek na jin\u00e9 vhodn\u00e9 pozice <\/strong>a pro \u00fa\u010dely realizace souvisej\u00edc\u00edch v\u00fdb\u011brov\u00fdch \u0159\u00edzen\u00ed.<\/p>\n<p>V takov\u00e9m p\u0159\u00edpad\u011b budeme Va\u0161e osobn\u00ed \u00fadaje d\u00e1le zpracov\u00e1vat maxim\u00e1ln\u011b po dobu uvedenou v takov\u00e9m souhlasu, p\u0159i\u010dem\u017e tato doba obvykle nep\u0159ekro\u010d\u00ed 2 roky od jeho ud\u011blen\u00ed.<\/p>\n<p><strong>3.2 Rozsah zpracov\u00e1n\u00ed<\/strong><br \/>\nVa\u0161e osobn\u00ed \u00fadaje zpracov\u00e1v\u00e1me v n\u00e1sleduj\u00edc\u00edm rozsahu:<\/p>\n<p>3.2.1 \u00fadaje, kter\u00e9 n\u00e1m poskytnete v r\u00e1mci v\u00fdb\u011brov\u00e9ho \u0159\u00edzen\u00ed a ve sv\u00e9m \u017eivotopise, p\u0159edev\u0161\u00edm: V p\u0159\u00edpad\u011b, \u017ee se jedn\u00e1 o osobn\u00ed \u00fadaje obsa\u017een\u00e9 ve Va\u0161em \u017eivotopise nebo n\u00e1m jinak poskytnut\u00e9, je mo\u017en\u00e9, \u017ee se jedn\u00e1 o osobn\u00ed \u00fadaje obsa\u017een\u00e9 ve Va\u0161em \u017eivotopise nebo n\u00e1m jinak poskytnut\u00e9, a to: jm\u00e9no, p\u0159\u00edjmen\u00ed, adresa, e-mail, telefon, z\u00edskan\u00e9 vzd\u011bl\u00e1n\u00ed, sou\u010dasn\u00fd stav na trhu pr\u00e1ce, dosavadn\u00ed pracovn\u00ed zku\u0161enosti, z\u00edskan\u00e9 dovednosti, fotografie, a p\u0159\u00edpadn\u00e9 dal\u0161\u00ed osobn\u00ed \u00fadaje;<\/p>\n<p>3.2.2 v\u00fdsledky test\u016f prov\u00e1d\u011bn\u00fdch za \u00fa\u010delem v\u00fdb\u011bru ide\u00e1ln\u00edho uchaze\u010de pro konkr\u00e9tn\u00ed pozici.<\/p>\n<p>&nbsp;<\/p>\n<h2>4. SD\u00cdLEN\u00cd A P\u0158ED\u00c1V\u00c1N\u00cd OSOBN\u00cdCH \u00daDAJ\u016e (P\u0158\u00cdJEMCI OSOBN\u00cdCH \u00daDAJ\u016e)<\/h2>\n<p><strong>4.1<\/strong>\u00a0<strong>P\u0159\u00edjemci osobn\u00edch \u00fadaj\u016f<\/strong><br \/>\n4.1.1 N\u011bkter\u00e9 kategorie osobn\u00edch \u00fadaj\u016f, kter\u00e9 shroma\u017e\u010fujeme v\u00fd\u0161e popsan\u00fdmi zp\u016fsoby, m\u016f\u017eeme sd\u00edlet se t\u0159et\u00edmi stranami, kter\u00e9 jsou bu\u010f samostatn\u00fdmi spr\u00e1vci nebo pro n\u00e1s zaji\u0161\u0165uj\u00ed n\u011bkter\u00e9 slu\u017eby souvisej\u00edc\u00ed s realizac\u00ed v\u00fdb\u011brov\u00e9ho \u0159\u00edzen\u00ed jako\u017eto na\u0161i zpracovatel\u00e9.<\/p>\n<p>ii. se subjekty spravuj\u00edc\u00edmi na\u0161e IT syst\u00e9my a poskytuj\u00edc\u00edmi IT slu\u017eby za \u00fa\u010delem spr\u00e1vy a organizace v\u00fdb\u011brov\u00fdch \u0159\u00edzen\u00ed jako\u017eto zpracovatel\u00e9;<\/p>\n<p>iii. se subjekty zaji\u0161\u0165uj\u00edc\u00edmi n\u00e1bor zam\u011bstnanc\u016f a inzerci pracovn\u00edch pozic jako\u017eto zpracovatel\u016f;<\/p>\n<p>iv. se st\u00e1tn\u00edmi org\u00e1ny nebo jin\u00fdmi t\u0159et\u00edmi osobami p\u0159i pln\u011bn\u00ed povinnost\u00ed dle pr\u00e1vn\u00edch p\u0159edpis\u016f jako\u017eto samostatn\u00fdmi spr\u00e1vci.<\/p>\n<p><strong>4.2<\/strong>\u00a0<strong>Z\u00e1ruky<\/strong><br \/>\nSe zpracovateli osobn\u00edch \u00fadaj\u016f dle p\u0159ede\u0161l\u00e9ho odstavce jsme uzav\u0159eli smlouvy o zpracov\u00e1n\u00ed osobn\u00edch \u00fadaj\u016f (s v\u00fdjimkou p\u0159\u00edpad\u016f, kdy uzav\u0159en\u00ed takov\u00e9 smlouvy nen\u00ed povinn\u00e9, nap\u0159\u00edklad p\u0159i p\u0159ed\u00e1v\u00e1n\u00ed osobn\u00edch \u00fadaj\u016f st\u00e1tn\u00edm org\u00e1n\u016fm), kter\u00e9 zaru\u010duj\u00ed nejm\u00e9n\u011b stejnou \u00farove\u0148 jejich ochrany jako tyto Z\u00e1sady zpracov\u00e1n\u00ed \u00fadaj\u016f.<\/p>\n<h2><\/h2>\n<h2>5. ZABEZPE\u010cEN\u00cd DAT<\/h2>\n<p>Zavedli jsme a udr\u017eujeme p\u0159im\u011b\u0159en\u00e1 technick\u00e1 a organiza\u010dn\u00ed opat\u0159en\u00ed, vnit\u0159n\u00ed kontroly a procesy bezpe\u010dnosti informac\u00ed v souladu s nejlep\u0161\u00ed obchodn\u00ed prax\u00ed odpov\u00eddaj\u00edc\u00ed mo\u017en\u00e9mu hroz\u00edc\u00edmu riziku pro v\u00e1s jako subjekt \u00fadaj\u016f. Z\u00e1rove\u0148 zohled\u0148ujeme stav technologick\u00e9ho v\u00fdvoje s c\u00edlem chr\u00e1nit Va\u0161e osobn\u00ed \u00fadaje p\u0159ed n\u00e1hodnou ztr\u00e1tou, zni\u010den\u00edm, zm\u011bnami, neopr\u00e1vn\u011bn\u00fdm zve\u0159ejn\u011bn\u00edm nebo p\u0159\u00edstupem. Tato opat\u0159en\u00ed mohou mimo jin\u00e9 zahrnovat p\u0159ijet\u00ed p\u0159im\u011b\u0159en\u00fdch krok\u016f k zaji\u0161t\u011bn\u00ed odpov\u011bdnosti p\u0159\u00edslu\u0161n\u00fdch zam\u011bstnanc\u016f, kte\u0159\u00ed maj\u00ed p\u0159\u00edstup k va\u0161im \u00fadaj\u016fm, \u0161kolen\u00ed zam\u011bstnanc\u016f, pravideln\u00e9 z\u00e1lohov\u00e1n\u00ed, postupy pro obnovu dat a \u0159\u00edzen\u00ed incident\u016f, softwarov\u00e1 ochrana za\u0159\u00edzen\u00ed, na kter\u00fdch jsou ulo\u017eena osobn\u00ed data atd.<\/p>\n<p>&nbsp;<\/p>\n<h2>6. VA\u0160E PR\u00c1VA JAKO SUBJEKTU \u00daDAJ\u016e<\/h2>\n<p>Pokud uplatn\u00edte jak\u00e9koliv Va\u0161e pr\u00e1vo podle tohoto \u010dl\u00e1nku nebo podle platn\u00fdch pr\u00e1vn\u00edch p\u0159edpis\u016f, informujeme o p\u0159ijat\u00e9m opat\u0159en\u00ed nebo vymaz\u00e1n\u00ed Va\u0161ich osobn\u00edch \u00fadaj\u016f nebo omezen\u00ed v souladu s Va\u0161\u00edm po\u017eadavkem ka\u017ed\u00e9ho p\u0159\u00edjemce, kter\u00e9mu byly tyto \u00fadaje poskytnuty podle \u010dl\u00e1nku 5 t\u011bchto Z\u00e1sad zpracov\u00e1n\u00ed \u00fadaj\u016f, pokud takov\u00e9 sd\u011blen\u00ed bude mo\u017en\u00e9 a\/nebo nebude vy\u017eadovat nep\u0159im\u011b\u0159en\u00e9 \u00fasil\u00ed.<\/p>\n<p>Pokud si p\u0159ejete uplatnit tato pr\u00e1va a\/nebo z\u00edskat podrobn\u00e9 informace, kontaktujte n\u00e1s pros\u00edm na kontaktn\u00edch \u00fadaj\u00edch uveden\u00fdch v \u010dl\u00e1nku 2 t\u011bchto Z\u00e1sad zpracov\u00e1n\u00ed \u00fadaj\u016f.<\/p>\n<p><strong>6.1 Co m\u016f\u017eete po\u017eadovat?<\/strong><br \/>\nV souladu s platn\u00fdmi pr\u00e1vn\u00edmi p\u0159edpisy m\u00e1te pr\u00e1vo po\u017eadovat p\u0159\u00edstup ke sv\u00fdm osobn\u00edm \u00fadaj\u016fm, kter\u00e9 jako spr\u00e1vce osobn\u00edch \u00fadaj\u016f zpracov\u00e1v\u00e1me, pr\u00e1vo na jejich opravu, v\u00fdmaz nebo p\u0159enos (nap\u0159. p\u0159enos Va\u0161ich osobn\u00edch \u00fadaj\u016f k jin\u00e9mu spr\u00e1vci na z\u00e1klad\u011b Va\u0161\u00ed \u017e\u00e1dosti), pr\u00e1vo podat n\u00e1mitky a tak\u00e9 pr\u00e1vo po\u017eadovat omezen\u00ed na\u0161eho zpracov\u00e1n\u00ed. M\u016f\u017eete tak\u00e9 kdykoliv vz\u00edt zp\u011bt souhlas se zpracov\u00e1n\u00edm osobn\u00edch \u00fadaj\u016f, pokud jste n\u00e1m jej poskytl\/a.<\/p>\n<p><strong>6.2 Oprava Va\u0161ich osobn\u00edch \u00fadaj\u016f<\/strong><br \/>\nPodle platn\u00e9 pr\u00e1vn\u00ed \u00fapravy m\u00e1te pr\u00e1vo na opravu Va\u0161ich osobn\u00edch \u00fadaj\u016f, kter\u00e9 zpracov\u00e1v\u00e1me, pokud zjist\u00edte, \u017ee jsou nep\u0159esn\u00e9 nebo ne\u00fapln\u00e9.<\/p>\n<p>V\u017edy n\u00e1s m\u016f\u017eete kontaktovat s dotazem, zda st\u00e1le zpracov\u00e1v\u00e1me Va\u0161e osobn\u00ed \u00fadaje.<\/p>\n<p><strong>6.3 V\u00fdmaz va\u0161ich osobn\u00edch \u00fadaj\u016f<\/strong><br \/>\nM\u016f\u017eete n\u00e1s kdykoliv po\u017e\u00e1dat o v\u00fdmaz sv\u00fdch osobn\u00edch \u00fadaj\u016f. Pokud n\u00e1s kontaktujete s takovou \u017e\u00e1dost\u00ed, sma\u017eeme bez zbyte\u010dn\u00e9ho odkladu v\u0161echny Va\u0161e osobn\u00ed \u00fadaje, kter\u00e9 m\u00e1me, pokud Va\u0161e osobn\u00ed \u00fadaje ji\u017e nepot\u0159ebujeme pro pln\u011bn\u00ed smluvn\u00edch nebo z\u00e1konn\u00fdch povinnost\u00ed \u010di pro ochranu na\u0161ich opr\u00e1vn\u011bn\u00fdch z\u00e1jm\u016f.<\/p>\n<p>D\u00e1le tak\u00e9 sma\u017eeme (a zajist\u00edme smaz\u00e1n\u00ed ze strany zpracovatel\u016f, kter\u00e9 pov\u011b\u0159ujeme) v\u0161echny Va\u0161e osobn\u00ed \u00fadaje v p\u0159\u00edpad\u011b, \u017ee odvol\u00e1te sv\u016fj souhlas.<\/p>\n<p><strong>6.4 Odvol\u00e1n\u00ed souhlasu<\/strong><br \/>\nPokud n\u00e1m poskytnete souhlas se zpracov\u00e1n\u00edm pro \u00fa\u010dely uveden\u00e9 v\u00fd\u0161e, m\u016f\u017eete jej kdykoliv odvolat bez uveden\u00ed d\u016fvodu. Pro tento \u00fa\u010del n\u00e1s pros\u00edm kontaktujte na kontaktn\u00edch \u00fadaj\u00edch uveden\u00fdch v \u010dl\u00e1nku 2 v\u00fd\u0161e. V takov\u00e9m p\u0159\u00edpad\u011b Va\u0161e osobn\u00ed \u00fadaje vyma\u017eeme bez zbyte\u010dn\u00e9ho odkladu od odvol\u00e1n\u00ed Va\u0161eho souhlasu.<\/p>\n<p>Vezm\u011bte pros\u00edm na v\u011bdom\u00ed, \u017ee odvol\u00e1n\u00ed Va\u0161eho souhlasu nem\u00e1 vliv na z\u00e1konnost zpracov\u00e1n\u00ed prov\u00e1d\u011bn\u00e9ho na z\u00e1klad\u011b Va\u0161eho souhlasu p\u0159ed jeho odvol\u00e1n\u00edm.<\/p>\n<p><strong>6.5 Zp\u0159\u00edstupn\u011bn\u00ed a p\u0159enositelnost va\u0161ich osobn\u00edch \u00fadaj\u016f<br \/>\n<\/strong>M\u00e1te pr\u00e1vo z\u00edskat potvrzen\u00ed o tom, jak\u00e9 osobn\u00ed \u00fadaje o V\u00e1s zpracov\u00e1v\u00e1me nebo nezpracov\u00e1v\u00e1me. Pokud to budete po\u017eadovat, m\u016f\u017eeme n\u011bkter\u00e9 Va\u0161e osobn\u00ed \u00fadaje (zejm\u00e9na ty \u00fadaje, kter\u00e9 zpracov\u00e1v\u00e1me na z\u00e1klad\u011b proveden\u00ed opat\u0159en\u00ed p\u0159ijat\u00fdch p\u0159ed uzav\u0159en\u00edm smlouvy a\/nebo Va\u0161eho souhlasu) zaslat p\u0159\u00edmo t\u0159et\u00ed stran\u011b (jin\u00e9mu spr\u00e1vci \u00fadaj\u016f), kter\u00e9ho uvedete ve sv\u00e9 \u017e\u00e1dosti, pokud takov\u00fd po\u017eadavek nebude m\u00edt negativn\u00ed vliv na pr\u00e1va a svobody jin\u00fdch osob, a pokud bude technicky provediteln\u00fd.<\/p>\n<p><strong>6.6 N\u00e1mitky proti zpracov\u00e1n\u00ed<\/strong><br \/>\nPokud budeme n\u011bkter\u00e9 Va\u0161e osobn\u00ed \u00fadaje zpracov\u00e1vat na z\u00e1klad\u011b na\u0161eho opr\u00e1vn\u011bn\u00e9ho z\u00e1jmu, m\u00e1te pr\u00e1vo kdykoliv vzn\u00e9st n\u00e1mitku proti zpracov\u00e1n\u00ed t\u011bchto osobn\u00edch \u00fadaj\u016f. Pokud se na na\u0161\u00ed stran\u011b neprok\u00e1\u017eou z\u00e1va\u017en\u00e9 opr\u00e1vn\u011bn\u00e9 d\u016fvody pro zpracov\u00e1n\u00ed, kter\u00e9 p\u0159eva\u017euj\u00ed nad z\u00e1jmy nebo pr\u00e1vy a svobodami subjektu \u00fadaj\u016f, nebo dal\u0161\u00ed zpracov\u00e1n\u00ed nebude nezbytn\u00e9 pro ur\u010den\u00ed, v\u00fdkon nebo obhajobu na\u0161ich pr\u00e1vn\u00edch n\u00e1rok\u016f, nebudeme Va\u0161e osobn\u00ed \u00fadaje d\u00e1le zpracov\u00e1vat.<\/p>\n<p><strong>6.7 Omezen\u00ed zpracov\u00e1n\u00ed<\/strong><br \/>\nPokud n\u00e1s po\u017e\u00e1d\u00e1te o omezen\u00ed zpracov\u00e1n\u00ed sv\u00fdch osobn\u00edch \u00fadaj\u016f, nap\u0159. v p\u0159\u00edpad\u011b, kdy zpochyb\u0148ujete p\u0159esnost, z\u00e1konnost nebo na\u0161i pot\u0159ebu zpracov\u00e1vat Va\u0161e osobn\u00ed \u00fadaje, omez\u00edme zpracov\u00e1v\u00e1n\u00ed va\u0161ich osobn\u00edch \u00fadaj\u016f na nezbytn\u00e9 minimum (ulo\u017een\u00ed), a p\u0159\u00edpadn\u011b je budeme zpracov\u00e1vat pouze pro ur\u010den\u00ed, v\u00fdkon nebo obhajobu pr\u00e1vn\u00edch n\u00e1rok\u016f, nebo z d\u016fvodu ochrany pr\u00e1v jin\u00e9 fyzick\u00e9 nebo pr\u00e1vnick\u00e9 osoby, nebo jin\u00fdch omezen\u00fdch d\u016fvod\u016f p\u0159edepsan\u00fdch platn\u00fdmi pr\u00e1vn\u00edmi p\u0159edpisy. Pokud dojde ke zru\u0161en\u00ed omezen\u00ed a my budeme ve zpracov\u00e1v\u00e1n\u00ed va\u0161ich osobn\u00edch \u00fadaj\u016f pokra\u010dovat, budeme V\u00e1s o tom bez zbyte\u010dn\u00e9ho odkladu informovat.<\/p>\n<p><strong>6.8 St\u00ed\u017enost u \u00fa\u0159adu pro ochranu osobn\u00edch \u00fadaj\u016f<br \/>\n<\/strong>M\u00e1te pr\u00e1vo podat st\u00ed\u017enost t\u00fdkaj\u00edc\u00ed se na\u0161eho zpracov\u00e1n\u00ed \u00fadaj\u016f u \u00da\u0159adu pro ochranu osobn\u00edch \u00fadaj\u016f, Pplk. Sochora 27, 170 00 Praha 7. Internetov\u00e9 str\u00e1nky \u00fa\u0159adu jsou\u00a0<a href=\"http:\/\/www.uoou.cz\/\">http:\/\/www.uoou.cz\/<\/a>.<\/p>\n<p>&nbsp;<\/p>\n<h2>7. AKTUALIZACE Z\u00c1SAD ZPRACOV\u00c1N\u00cd \u00daDAJ\u016e<\/h2>\n<p>Pr\u016fb\u011b\u017en\u011b m\u016f\u017eeme Z\u00e1sady zpracov\u00e1n\u00ed \u00fadaj\u016f upravovat \u010di aktualizovat. Jak\u00e9koliv zm\u011bny t\u011bchto Z\u00e1sad zpracov\u00e1n\u00ed \u00fadaj\u016f se stanou \u00fa\u010dinn\u00fdmi po zve\u0159ejn\u011bn\u00ed aktualizovan\u00fdch Z\u00e1sad zpracov\u00e1n\u00ed \u00fadaj\u016f na ctp.eu.<\/p>\n<p>Tyto Z\u00e1sady zpracov\u00e1n\u00ed \u00fadaj\u016f nab\u00fdvaj\u00ed \u00fa\u010dinnosti 27. dne. 11. 2019.<\/p>","protected":false},"excerpt":{"rendered":"<p>1. OBECN\u00c1 USTANOVEN\u00cd Tyto Z\u00e1sady zpracov\u00e1n\u00ed osobn\u00edch \u00fadaj\u016f p\u0159i n\u00e1boru zam\u011bstnanc\u016f (d\u00e1le jen \"Z\u00e1sady zpracov\u00e1n\u00ed \u00fadaj\u016f\") maj\u00ed za c\u00edl V\u00e1s<\/p>","protected":false},"author":67,"featured_media":0,"parent":6125,"menu_order":0,"comment_status":"closed","ping_status":"closed","template":"","meta":{"_acf_changed":false,"footnotes":""},"class_list":["post-7048","page","type-page","status-publish","hentry"],"acf":[],"yoast_head":"<title>Z\u00e1sady zpracov\u00e1n\u00ed osobn\u00edch \u00fadaj\u016f p\u0159i n\u00e1boru zam\u011bstnanc\u016f - Commercial Real Estate Developer And Manager<\/title>\n<meta name=\"robots\" content=\"noindex, follow, max-snippet:-1, max-image-preview:large, max-video-preview:-1\" \/>\n<meta property=\"og:locale\" content=\"cs_CZ\" \/>\n<meta property=\"og:type\" content=\"article\" \/>\n<meta property=\"og:title\" content=\"Z\u00e1sady zpracov\u00e1n\u00ed osobn\u00edch \u00fadaj\u016f p\u0159i n\u00e1boru zam\u011bstnanc\u016f\" \/>\n<meta property=\"og:description\" content=\"1. OBECN\u00c1 USTANOVEN\u00cd Tyto Z\u00e1sady zpracov\u00e1n\u00ed osobn\u00edch \u00fadaj\u016f p\u0159i n\u00e1boru zam\u011bstnanc\u016f (d\u00e1le jen \u201eZ\u00e1sady zpracov\u00e1n\u00ed \u00fadaj\u016f\u201c) maj\u00ed za c\u00edl V\u00e1s\" \/>\n<meta property=\"og:url\" content=\"https:\/\/ctp.rvltpreview.com\/cs\/ctp-policies\/zasady-zpracovani-osobnich-udaju-pri-naboru-zamestnancu\/\" \/>\n<meta property=\"og:site_name\" content=\"Commercial Real Estate Developer And Manager\" \/>\n<meta property=\"article:modified_time\" content=\"2019-11-27T09:46:41+00:00\" \/>\n<meta name=\"twitter:card\" content=\"summary_large_image\" \/>\n<meta name=\"twitter:label1\" content=\"Odhadovan\u00e1 doba \u010dten\u00ed\" \/>\n\t<meta name=\"twitter:data1\" content=\"10 minut\" \/>\n<script type=\"application\/ld+json\" class=\"yoast-schema-graph\">{\"@context\":\"https:\\\/\\\/schema.org\",\"@graph\":[{\"@type\":\"WebPage\",\"@id\":\"https:\\\/\\\/ctp.rvltpreview.com\\\/ctp-policies\\\/zasady-zpracovani-osobnich-udaju-pri-naboru-zamestnancu\\\/\",\"url\":\"https:\\\/\\\/ctp.rvltpreview.com\\\/ctp-policies\\\/zasady-zpracovani-osobnich-udaju-pri-naboru-zamestnancu\\\/\",\"name\":\"Z\u00e1sady zpracov\u00e1n\u00ed osobn\u00edch \u00fadaj\u016f p\u0159i n\u00e1boru zam\u011bstnanc\u016f - Commercial Real Estate Developer And Manager\",\"isPartOf\":{\"@id\":\"https:\\\/\\\/ctp.rvltpreview.com\\\/#website\"},\"datePublished\":\"2019-11-27T09:28:59+00:00\",\"dateModified\":\"2019-11-27T09:46:41+00:00\",\"breadcrumb\":{\"@id\":\"https:\\\/\\\/ctp.rvltpreview.com\\\/ctp-policies\\\/zasady-zpracovani-osobnich-udaju-pri-naboru-zamestnancu\\\/#breadcrumb\"},\"inLanguage\":\"cs\",\"potentialAction\":[{\"@type\":\"ReadAction\",\"target\":[\"https:\\\/\\\/ctp.rvltpreview.com\\\/ctp-policies\\\/zasady-zpracovani-osobnich-udaju-pri-naboru-zamestnancu\\\/\"]}]},{\"@type\":\"BreadcrumbList\",\"@id\":\"https:\\\/\\\/ctp.rvltpreview.com\\\/ctp-policies\\\/zasady-zpracovani-osobnich-udaju-pri-naboru-zamestnancu\\\/#breadcrumb\",\"itemListElement\":[{\"@type\":\"ListItem\",\"position\":1,\"name\":\"Home\",\"item\":\"https:\\\/\\\/ctp.rvltpreview.com\\\/cs\\\/\"},{\"@type\":\"ListItem\",\"position\":2,\"name\":\"CTP Policies\",\"item\":\"https:\\\/\\\/ctp.rvltpreview.com\\\/ctp-policies\\\/\"},{\"@type\":\"ListItem\",\"position\":3,\"name\":\"Z\u00e1sady zpracov\u00e1n\u00ed osobn\u00edch \u00fadaj\u016f p\u0159i n\u00e1boru zam\u011bstnanc\u016f\"}]},{\"@type\":\"WebSite\",\"@id\":\"https:\\\/\\\/ctp.rvltpreview.com\\\/#website\",\"url\":\"https:\\\/\\\/ctp.rvltpreview.com\\\/\",\"name\":\"Commercial Real Estate Developer And Manager\",\"description\":\"CTP - premium industrial warehouse and office buildings\",\"publisher\":{\"@id\":\"https:\\\/\\\/ctp.rvltpreview.com\\\/#organization\"},\"potentialAction\":[{\"@type\":\"SearchAction\",\"target\":{\"@type\":\"EntryPoint\",\"urlTemplate\":\"https:\\\/\\\/ctp.rvltpreview.com\\\/?s={search_term_string}\"},\"query-input\":{\"@type\":\"PropertyValueSpecification\",\"valueRequired\":true,\"valueName\":\"search_term_string\"}}],\"inLanguage\":\"cs\"},{\"@type\":\"Organization\",\"@id\":\"https:\\\/\\\/ctp.rvltpreview.com\\\/#organization\",\"name\":\"CTP\",\"url\":\"https:\\\/\\\/ctp.rvltpreview.com\\\/\",\"logo\":{\"@type\":\"ImageObject\",\"inLanguage\":\"cs\",\"@id\":\"https:\\\/\\\/ctp.rvltpreview.com\\\/#\\\/schema\\\/logo\\\/image\\\/\",\"url\":\"\",\"contentUrl\":\"\",\"caption\":\"CTP\"},\"image\":{\"@id\":\"https:\\\/\\\/ctp.rvltpreview.com\\\/#\\\/schema\\\/logo\\\/image\\\/\"}}]}<\/script>","yoast_head_json":{"title":"Z\u00e1sady zpracov\u00e1n\u00ed osobn\u00edch \u00fadaj\u016f p\u0159i n\u00e1boru zam\u011bstnanc\u016f - Commercial Real Estate Developer And Manager","robots":{"index":"noindex","follow":"follow","max-snippet":"max-snippet:-1","max-image-preview":"max-image-preview:large","max-video-preview":"max-video-preview:-1"},"og_locale":"cs_CZ","og_type":"article","og_title":"Z\u00e1sady zpracov\u00e1n\u00ed osobn\u00edch \u00fadaj\u016f p\u0159i n\u00e1boru zam\u011bstnanc\u016f","og_description":"1. OBECN\u00c1 USTANOVEN\u00cd Tyto Z\u00e1sady zpracov\u00e1n\u00ed osobn\u00edch \u00fadaj\u016f p\u0159i n\u00e1boru zam\u011bstnanc\u016f (d\u00e1le jen \u201eZ\u00e1sady zpracov\u00e1n\u00ed \u00fadaj\u016f\u201c) maj\u00ed za c\u00edl V\u00e1s","og_url":"https:\/\/ctp.rvltpreview.com\/cs\/ctp-policies\/zasady-zpracovani-osobnich-udaju-pri-naboru-zamestnancu\/","og_site_name":"Commercial Real Estate Developer And Manager","article_modified_time":"2019-11-27T09:46:41+00:00","twitter_card":"summary_large_image","twitter_misc":{"Odhadovan\u00e1 doba \u010dten\u00ed":"10 minut"},"schema":{"@context":"https:\/\/schema.org","@graph":[{"@type":"WebPage","@id":"https:\/\/ctp.rvltpreview.com\/ctp-policies\/zasady-zpracovani-osobnich-udaju-pri-naboru-zamestnancu\/","url":"https:\/\/ctp.rvltpreview.com\/ctp-policies\/zasady-zpracovani-osobnich-udaju-pri-naboru-zamestnancu\/","name":"Z\u00e1sady zpracov\u00e1n\u00ed osobn\u00edch \u00fadaj\u016f p\u0159i n\u00e1boru zam\u011bstnanc\u016f - Commercial Real Estate Developer And Manager","isPartOf":{"@id":"https:\/\/ctp.rvltpreview.com\/#website"},"datePublished":"2019-11-27T09:28:59+00:00","dateModified":"2019-11-27T09:46:41+00:00","breadcrumb":{"@id":"https:\/\/ctp.rvltpreview.com\/ctp-policies\/zasady-zpracovani-osobnich-udaju-pri-naboru-zamestnancu\/#breadcrumb"},"inLanguage":"cs","potentialAction":[{"@type":"ReadAction","target":["https:\/\/ctp.rvltpreview.com\/ctp-policies\/zasady-zpracovani-osobnich-udaju-pri-naboru-zamestnancu\/"]}]},{"@type":"BreadcrumbList","@id":"https:\/\/ctp.rvltpreview.com\/ctp-policies\/zasady-zpracovani-osobnich-udaju-pri-naboru-zamestnancu\/#breadcrumb","itemListElement":[{"@type":"ListItem","position":1,"name":"Home","item":"https:\/\/ctp.rvltpreview.com\/cs\/"},{"@type":"ListItem","position":2,"name":"CTP Policies","item":"https:\/\/ctp.rvltpreview.com\/ctp-policies\/"},{"@type":"ListItem","position":3,"name":"Z\u00e1sady zpracov\u00e1n\u00ed osobn\u00edch \u00fadaj\u016f p\u0159i n\u00e1boru zam\u011bstnanc\u016f"}]},{"@type":"WebSite","@id":"https:\/\/ctp.rvltpreview.com\/#website","url":"https:\/\/ctp.rvltpreview.com\/","name":"Developer a mana\u017eer komer\u010dn\u00edch nemovitost\u00ed","description":"CTP - pr\u00e9miov\u00e9 pr\u016fmyslov\u00e9 sklady a kancel\u00e1\u0159sk\u00e9 budovy","publisher":{"@id":"https:\/\/ctp.rvltpreview.com\/#organization"},"potentialAction":[{"@type":"SearchAction","target":{"@type":"EntryPoint","urlTemplate":"https:\/\/ctp.rvltpreview.com\/?s={search_term_string}"},"query-input":{"@type":"PropertyValueSpecification","valueRequired":true,"valueName":"search_term_string"}}],"inLanguage":"cs"},{"@type":"Organization","@id":"https:\/\/ctp.rvltpreview.com\/#organization","name":"Postaven\u00ed spole\u010dnosti","url":"https:\/\/ctp.rvltpreview.com\/","logo":{"@type":"ImageObject","inLanguage":"cs","@id":"https:\/\/ctp.rvltpreview.com\/#\/schema\/logo\/image\/","url":"","contentUrl":"","caption":"CTP"},"image":{"@id":"https:\/\/ctp.rvltpreview.com\/#\/schema\/logo\/image\/"}}]}},"_links":{"self":[{"href":"https:\/\/ctp.rvltpreview.com\/cs\/wp-json\/wp\/v2\/pages\/7048","targetHints":{"allow":["GET"]}}],"collection":[{"href":"https:\/\/ctp.rvltpreview.com\/cs\/wp-json\/wp\/v2\/pages"}],"about":[{"href":"https:\/\/ctp.rvltpreview.com\/cs\/wp-json\/wp\/v2\/types\/page"}],"author":[{"embeddable":true,"href":"https:\/\/ctp.rvltpreview.com\/cs\/wp-json\/wp\/v2\/users\/67"}],"replies":[{"embeddable":true,"href":"https:\/\/ctp.rvltpreview.com\/cs\/wp-json\/wp\/v2\/comments?post=7048"}],"version-history":[{"count":0,"href":"https:\/\/ctp.rvltpreview.com\/cs\/wp-json\/wp\/v2\/pages\/7048\/revisions"}],"up":[{"embeddable":true,"href":"https:\/\/ctp.rvltpreview.com\/cs\/wp-json\/wp\/v2\/pages\/6125"}],"wp:attachment":[{"href":"https:\/\/ctp.rvltpreview.com\/cs\/wp-json\/wp\/v2\/media?parent=7048"}],"curies":[{"name":"wp","href":"https:\/\/api.w.org\/{rel}","templated":true}]}}